{"id":372,"date":"2020-08-12T12:21:27","date_gmt":"2020-08-12T16:21:27","guid":{"rendered":"https:\/\/annualreport.crkn-rcdr.ca\/initiatives-strategiques\/mobilisation-collaborative\/"},"modified":"2024-08-20T20:24:30","modified_gmt":"2024-08-21T00:24:30","slug":"mobilisation-collaborative","status":"publish","type":"page","link":"https:\/\/annualreport.crkn-rcdr.ca\/fr\/initiatives-strategiques\/mobilisation-collaborative\/","title":{"rendered":"Mobilisation collaborative"},"content":{"rendered":"[et_pb_section fb_built=\u00a0\u00bb1&Prime; _builder_version=\u00a0\u00bb4.27.0&Prime; _module_preset=\u00a0\u00bbdefault\u00a0\u00bb global_colors_info=\u00a0\u00bb{}\u00a0\u00bb][et_pb_row _builder_version=\u00a0\u00bb4.27.0&Prime; _module_preset=\u00a0\u00bbdefault\u00a0\u00bb global_colors_info=\u00a0\u00bb{}\u00a0\u00bb][et_pb_column type=\u00a0\u00bb4_4&Prime; _builder_version=\u00a0\u00bb4.27.0&Prime; _module_preset=\u00a0\u00bbdefault\u00a0\u00bb global_colors_info=\u00a0\u00bb{}\u00a0\u00bb][et_pb_image src=\u00a0\u00bbhttps:\/\/annualreport.crkn-rcdr.ca\/wp-content\/uploads\/2020\/07\/crkn-top-line.png\u00a0\u00bb title_text=\u00a0\u00bbcrkn-top-line\u00a0\u00bb _builder_version=\u00a0\u00bb4.27.0&Prime; _module_preset=\u00a0\u00bbdefault\u00a0\u00bb width=\u00a0\u00bb100%\u00a0\u00bb max_width=\u00a0\u00bb90px\u00a0\u00bb module_alignment=\u00a0\u00bbcenter\u00a0\u00bb custom_margin=\u00a0\u00bb||20px||false|false\u00a0\u00bb global_colors_info=\u00a0\u00bb{}\u00a0\u00bb][\/et_pb_image][et_pb_heading title=\u00a0\u00bbMobilisation collaborative\u00a0\u00bb _builder_version=\u00a0\u00bb4.27.0&Prime; _module_preset=\u00a0\u00bbdefault\u00a0\u00bb title_level=\u00a0\u00bbh2&Prime; title_text_align=\u00a0\u00bbcenter\u00a0\u00bb hover_enabled=\u00a0\u00bb0&Prime; global_colors_info=\u00a0\u00bb{}\u00a0\u00bb sticky_enabled=\u00a0\u00bb0&Prime;][\/et_pb_heading][\/et_pb_column][\/et_pb_row][\/et_pb_section][et_pb_section fb_built=\u00a0\u00bb1&Prime; module_id=\u00a0\u00bbmarque-2020&Prime; _builder_version=\u00a0\u00bb4.27.0&Prime; _module_preset=\u00a0\u00bbdefault\u00a0\u00bb custom_padding=\u00a0\u00bb40px||40px||true|false\u00a0\u00bb global_colors_info=\u00a0\u00bb{}\u00a0\u00bb][et_pb_row _builder_version=\u00a0\u00bb4.27.0&Prime; _module_preset=\u00a0\u00bbdefault\u00a0\u00bb global_colors_info=\u00a0\u00bb{}\u00a0\u00bb][et_pb_column type=\u00a0\u00bb4_4&Prime; _builder_version=\u00a0\u00bb4.27.0&Prime; _module_preset=\u00a0\u00bbdefault\u00a0\u00bb global_colors_info=\u00a0\u00bb{}\u00a0\u00bb][et_pb_heading title=\u00a0\u00bbNouvelle image de marque\u00a0\u00bb _builder_version=\u00a0\u00bb4.27.0&Prime; _module_preset=\u00a0\u00bbdefault\u00a0\u00bb title_level=\u00a0\u00bbh3&Prime; title_font=\u00a0\u00bb|700|||||||\u00a0\u00bb title_font_size=\u00a0\u00bb22px\u00a0\u00bb global_colors_info=\u00a0\u00bb{}\u00a0\u00bb][\/et_pb_heading][et_pb_text _builder_version=\u00a0\u00bb4.27.0&Prime; _module_preset=\u00a0\u00bbdefault\u00a0\u00bb global_colors_info=\u00a0\u00bb{}\u00a0\u00bb]\n<p>En 2019, nous avons cr\u00e9\u00e9 un nouveau logo et une nouvelle image de marque pour le RCDR qui refl\u00e8te le mandat \u00e9largi de notre organisation. Notre logo est une feuille d\u2019\u00e9rable dont les lignes symbolisent le lien \u00e9troit entre les membres du RCDR au Canada. Il repr\u00e9sente \u00e9galement notre engagement pour l\u2019acc\u00e8s au savoir gr\u00e2ce \u00e0 notre infrastructure num\u00e9rique. Nous avons choisi de nouvelles couleurs, soit une palette fra\u00eeche de vert et de bleu sarcelle. Le logo est moderne et il pourra s\u2019adapter \u00e0 l\u2019\u00e9volution des collections. Nous tenons \u00e0 remercier l\u2019agence graphique Trajectory pour sa vision, gr\u00e2ce \u00e0 laquelle nous avons renouvel\u00e9 notre image de marque.<\/p>\n[\/et_pb_text][et_pb_video src=\u00a0\u00bbhttps:\/\/annualreport.crkn-rcdr.ca\/wp-content\/uploads\/2020\/07\/CRKN_BrandVideo_FINAL.mp4&Prime; play_icon_color=\u00a0\u00bbgcid-118ee780-7ba3-41e2-a38b-b88a4be2864e\u00a0\u00bb font_icon=\u00a0\u00bb&#xf04b;||fa||900&Prime; use_icon_font_size=\u00a0\u00bbon\u00a0\u00bb icon_font_size=\u00a0\u00bb111px\u00a0\u00bb _builder_version=\u00a0\u00bb4.27.0&Prime; _module_preset=\u00a0\u00bbdefault\u00a0\u00bb global_colors_info=\u00a0\u00bb{%22gcid-118ee780-7ba3-41e2-a38b-b88a4be2864e%22:%91%22play_icon_color%22%93}\u00a0\u00bb][\/et_pb_video][\/et_pb_column][\/et_pb_row][\/et_pb_section][et_pb_section fb_built=\u00a0\u00bb1&Prime; module_id=\u00a0\u00bbanalyse-des-revues-2020&Prime; _builder_version=\u00a0\u00bb4.27.0&Prime; _module_preset=\u00a0\u00bbdefault\u00a0\u00bb custom_padding=\u00a0\u00bb40px||40px||true|false\u00a0\u00bb hover_enabled=\u00a0\u00bb0&Prime; global_colors_info=\u00a0\u00bb{}\u00a0\u00bb sticky_enabled=\u00a0\u00bb0&Prime;][et_pb_row _builder_version=\u00a0\u00bb4.27.0&Prime; _module_preset=\u00a0\u00bbdefault\u00a0\u00bb global_colors_info=\u00a0\u00bb{}\u00a0\u00bb][et_pb_column type=\u00a0\u00bb4_4&Prime; _builder_version=\u00a0\u00bb4.27.0&Prime; _module_preset=\u00a0\u00bbdefault\u00a0\u00bb global_colors_info=\u00a0\u00bb{}\u00a0\u00bb][et_pb_heading title=\u00a0\u00bbAnalyse de la valeur des revues\u00a0\u00bb _builder_version=\u00a0\u00bb4.27.0&Prime; _module_preset=\u00a0\u00bbdefault\u00a0\u00bb title_level=\u00a0\u00bbh3&Prime; title_font=\u00a0\u00bb|700|||||||\u00a0\u00bb title_font_size=\u00a0\u00bb22px\u00a0\u00bb global_colors_info=\u00a0\u00bb{}\u00a0\u00bb][\/et_pb_heading][et_pb_text _builder_version=\u00a0\u00bb4.27.0&Prime; _module_preset=\u00a0\u00bbdefault\u00a0\u00bb global_colors_info=\u00a0\u00bb{}\u00a0\u00bb]\n<p>En 2019, nous avons am\u00e9lior\u00e9 l\u2019\u00e9dition annuelle de l\u2019Analyse de la valeur des revues (AVR). Les membres ont d\u00e9sormais acc\u00e8s \u00e0 des donn\u00e9es normalis\u00e9es et des \u00e9diteurs pour les sujets, ainsi que plus de d\u00e9tails sur le statut des titres et des donn\u00e9es historiques sur trois ans. L\u2019analyse est ainsi plus pr\u00e9cise, ce qui offre aux membres de l\u2019information inestimable.<\/p>\n<p>\u00c0 la fin du mois d\u2019octobre 2019, l\u2019\u00e9quipe du RCDR a pr\u00e9sent\u00e9 l\u2019AVR aux participants de l\u2019Atelier d\u2019\u00e9valuation des biblioth\u00e8ques canadiennes. Les commentaires sur la pr\u00e9sentation et la conception de l\u2019outil \u00e9taient tr\u00e8s positifs.<\/p>\n[\/et_pb_text][\/et_pb_column][\/et_pb_row][\/et_pb_section][et_pb_section fb_built=\u00a0\u00bb1&Prime; module_id=\u00a0\u00bbtaux-2020&Prime; _builder_version=\u00a0\u00bb4.27.0&Prime; _module_preset=\u00a0\u00bbdefault\u00a0\u00bb custom_padding=\u00a0\u00bb40px||40px||true|false\u00a0\u00bb hover_enabled=\u00a0\u00bb0&Prime; global_colors_info=\u00a0\u00bb{}\u00a0\u00bb sticky_enabled=\u00a0\u00bb0&Prime;][et_pb_row _builder_version=\u00a0\u00bb4.27.0&Prime; _module_preset=\u00a0\u00bbdefault\u00a0\u00bb global_colors_info=\u00a0\u00bb{}\u00a0\u00bb][et_pb_column type=\u00a0\u00bb4_4&Prime; _builder_version=\u00a0\u00bb4.27.0&Prime; _module_preset=\u00a0\u00bbdefault\u00a0\u00bb global_colors_info=\u00a0\u00bb{}\u00a0\u00bb][et_pb_heading title=\u00a0\u00bbServices de taux de change\u00a0\u00bb _builder_version=\u00a0\u00bb4.27.0&Prime; _module_preset=\u00a0\u00bbdefault\u00a0\u00bb title_level=\u00a0\u00bbh3&Prime; title_font=\u00a0\u00bb|700|||||||\u00a0\u00bb title_font_size=\u00a0\u00bb22px\u00a0\u00bb global_colors_info=\u00a0\u00bb{}\u00a0\u00bb][\/et_pb_heading][et_pb_text _builder_version=\u00a0\u00bb4.27.0&Prime; _module_preset=\u00a0\u00bbdefault\u00a0\u00bb global_colors_info=\u00a0\u00bb{}\u00a0\u00bb]\n<p>Le RCDR offre encore cette ann\u00e9e des services de taux de change pour deux licences (Elsevier, Wiley), ainsi que la possibilit\u00e9 de recevoir une facture en dollars am\u00e9ricains pour deux autres licences (Taylor &amp; Francis, Springer) qui sont en cours de renouv\u00e8lement. Huit membres ont fait une offre en dollars am\u00e9ricains et neuf autres membres ont demand\u00e9 de recevoir une facture en dollars am\u00e9ricains gr\u00e2ce \u00e0 ces services.<\/p>\n[\/et_pb_text][\/et_pb_column][\/et_pb_row][\/et_pb_section][et_pb_section fb_built=\u00a0\u00bb1&Prime; module_id=\u00a0\u00bbipnpc-2020&Prime; _builder_version=\u00a0\u00bb4.27.0&Prime; _module_preset=\u00a0\u00bbdefault\u00a0\u00bb custom_padding=\u00a0\u00bb40px||40px||true|false\u00a0\u00bb hover_enabled=\u00a0\u00bb0&Prime; global_colors_info=\u00a0\u00bb{}\u00a0\u00bb sticky_enabled=\u00a0\u00bb0&Prime;][et_pb_row _builder_version=\u00a0\u00bb4.27.0&Prime; _module_preset=\u00a0\u00bbdefault\u00a0\u00bb global_colors_info=\u00a0\u00bb{}\u00a0\u00bb][et_pb_column type=\u00a0\u00bb4_4&Prime; _builder_version=\u00a0\u00bb4.27.0&Prime; _module_preset=\u00a0\u00bbdefault\u00a0\u00bb global_colors_info=\u00a0\u00bb{}\u00a0\u00bb][et_pb_heading title=\u00a0\u00bbIPNPC\u00a0\u00bb _builder_version=\u00a0\u00bb4.27.0&Prime; _module_preset=\u00a0\u00bbdefault\u00a0\u00bb title_level=\u00a0\u00bbh3&Prime; title_font=\u00a0\u00bb|700|||||||\u00a0\u00bb title_font_size=\u00a0\u00bb22px\u00a0\u00bb global_colors_info=\u00a0\u00bb{}\u00a0\u00bb][\/et_pb_heading][et_pb_text _builder_version=\u00a0\u00bb4.27.0&Prime; _module_preset=\u00a0\u00bbdefault\u00a0\u00bb global_colors_info=\u00a0\u00bb{}\u00a0\u00bb]\n<p>L\u2019Index de num\u00e9risation du patrimoine canadien (IPNPC) a \u00e9t\u00e9 lanc\u00e9 en 2016 et regroupe un nombre croissant de collections patrimoniales num\u00e9ris\u00e9es provenant de toutes les r\u00e9gions du pays. L\u2019IPNPC a pour but de promouvoir et d\u2019accro\u00eetre l\u2019acc\u00e8s \u00e0 ces documents. On y compte aujourd\u2019hui plus de 1500\u00a0collections provenant d\u2019universit\u00e9s, de biblioth\u00e8ques provinciales et territoriales, d\u2019organisations patrimoniales, d\u2019archives et d\u2019autres \u00e9tablissements.<\/p>\n<p>En 2019, nous avons ajout\u00e9 de nouvelles collections \u00e0 l\u2019IPNPC. De plus, nous avons mis \u00e0 jour le site web pour refl\u00e9ter davantage la nature de l\u2019index et faciliter la navigation avec de nouvelles sections FAQ de recherche et de soumissions. Entre avril 2019 et mars 2020, les utilisateurs ont consult\u00e9 10\u2009396\u00a0pages et plus de 3\u2009500\u00a0chercheurs ont eu recours \u00e0 l\u2019IPNPC, ce qui repr\u00e9sente une augmentation de 12,9\u00a0% par rapport \u00e0 l\u2019ann\u00e9e pr\u00e9c\u00e9dente.<\/p>\n[\/et_pb_text][\/et_pb_column][\/et_pb_row][\/et_pb_section][et_pb_section fb_built=\u00a0\u00bb1&Prime; module_id=\u00a0\u00bbrevues-en-libre-2020&Prime; _builder_version=\u00a0\u00bb4.27.0&Prime; _module_preset=\u00a0\u00bbdefault\u00a0\u00bb custom_padding=\u00a0\u00bb40px||40px||true|false\u00a0\u00bb hover_enabled=\u00a0\u00bb0&Prime; global_colors_info=\u00a0\u00bb{}\u00a0\u00bb sticky_enabled=\u00a0\u00bb0&Prime;][et_pb_row _builder_version=\u00a0\u00bb4.27.0&Prime; _module_preset=\u00a0\u00bbdefault\u00a0\u00bb global_colors_info=\u00a0\u00bb{}\u00a0\u00bb][et_pb_column type=\u00a0\u00bb4_4&Prime; _builder_version=\u00a0\u00bb4.27.0&Prime; _module_preset=\u00a0\u00bbdefault\u00a0\u00bb global_colors_info=\u00a0\u00bb{}\u00a0\u00bb][et_pb_heading title=\u00a0\u00bbListe du RCDR sur les revues en libre acc\u00e8s\u00a0\u00bb _builder_version=\u00a0\u00bb4.27.0&Prime; _module_preset=\u00a0\u00bbdefault\u00a0\u00bb title_level=\u00a0\u00bbh3&Prime; title_font=\u00a0\u00bb|700|||||||\u00a0\u00bb title_font_size=\u00a0\u00bb22px\u00a0\u00bb global_colors_info=\u00a0\u00bb{}\u00a0\u00bb][\/et_pb_heading][et_pb_text _builder_version=\u00a0\u00bb4.27.0&Prime; _module_preset=\u00a0\u00bbdefault\u00a0\u00bb global_colors_info=\u00a0\u00bb{}\u00a0\u00bb]\n<p>Cette ann\u00e9e, nous avons lanc\u00e9 la Liste des revues en libre acc\u00e8s du RCDR. Cette liste am\u00e9liore la d\u00e9couvrabilit\u00e9 du contenu en libre acc\u00e8s dor\u00e9 appuy\u00e9es par les \u00e9tablissements membres. Elle \u00e9tait anciennement g\u00e9r\u00e9e par le logiciel CUFTS de Simon Fraser, mais elle est maintenant distribu\u00e9e \u00e0 six syst\u00e8mes de d\u00e9couverte. Les chercheurs peuvent ainsi visualiser le contenu et y acc\u00e9der.<\/p>\n<p>Elle compte actuellement plus de 430\u00a0revues et le Sous-comit\u00e9 des droits aux bases de connaissances la met r\u00e9guli\u00e8rement \u00e0 jour. Pour plus d\u2019information sur la Liste du RCDR des revues en libre acc\u00e8s et la version internet de cet outil, veuillez consulter le <a href=\"https:\/\/www.crkn-rcdr.ca\/fr\/liste-du-rcdr-des-revues-en-libre-acces\">site<\/a> web du RCDR.<\/p>\n[\/et_pb_text][\/et_pb_column][\/et_pb_row][\/et_pb_section][et_pb_section fb_built=\u00a0\u00bb1&Prime; module_id=\u00a0\u00bbconference-2020-fr\u00a0\u00bb _builder_version=\u00a0\u00bb4.27.0&Prime; _module_preset=\u00a0\u00bbdefault\u00a0\u00bb custom_padding=\u00a0\u00bb40px||40px||true|false\u00a0\u00bb hover_enabled=\u00a0\u00bb0&Prime; global_colors_info=\u00a0\u00bb{}\u00a0\u00bb sticky_enabled=\u00a0\u00bb0&Prime;][et_pb_row _builder_version=\u00a0\u00bb4.27.0&Prime; _module_preset=\u00a0\u00bbdefault\u00a0\u00bb global_colors_info=\u00a0\u00bb{}\u00a0\u00bb][et_pb_column type=\u00a0\u00bb4_4&Prime; _builder_version=\u00a0\u00bb4.27.0&Prime; _module_preset=\u00a0\u00bbdefault\u00a0\u00bb global_colors_info=\u00a0\u00bb{}\u00a0\u00bb][et_pb_heading title=\u00a0\u00bbConf\u00e9rence du RCDR sur l\u2019acc\u00e8s au savoir\u00a0\u00bb _builder_version=\u00a0\u00bb4.27.0&Prime; _module_preset=\u00a0\u00bbdefault\u00a0\u00bb title_level=\u00a0\u00bbh3&Prime; title_font=\u00a0\u00bb|700|||||||\u00a0\u00bb title_font_size=\u00a0\u00bb22px\u00a0\u00bb global_colors_info=\u00a0\u00bb{}\u00a0\u00bb][\/et_pb_heading][et_pb_text _builder_version=\u00a0\u00bb4.27.0&Prime; _module_preset=\u00a0\u00bbdefault\u00a0\u00bb global_colors_info=\u00a0\u00bb{}\u00a0\u00bb]\n<p>Le mandat du RCDR s\u2019est \u00e9largi depuis la fusion, donc nous avons revu le format de notre assembl\u00e9e g\u00e9n\u00e9rale habituelle. En effet, nous avons organis\u00e9 un \u00e9v\u00e8nement de plus grosse envergure, soit la Conf\u00e9rence annuelle du RCDR sur l\u2019acc\u00e8s au savoir, qui a eu lieu \u00e0 Ottawa du 16 au 18 octobre 2019. Ce fut un grand succ\u00e8s, avec 150 membres, parties prenantes, invit\u00e9s et plus de 70 participants \u00e0 distance. Vous trouverez sur le site web du RCDR un sommaire de la conf\u00e9rence, ainsi que les enregistrements vid\u00e9o de l\u2019\u00e9v\u00e8nement.<\/p>\n[\/et_pb_text][et_pb_gallery gallery_ids=\u00a0\u00bb322,324,326,328,330,332,334&Prime; posts_number=\u00a0\u00bb7&Prime; show_title_and_caption=\u00a0\u00bboff\u00a0\u00bb show_pagination=\u00a0\u00bboff\u00a0\u00bb _builder_version=\u00a0\u00bb4.27.0&Prime; _module_preset=\u00a0\u00bbdefault\u00a0\u00bb global_colors_info=\u00a0\u00bb{}\u00a0\u00bb][\/et_pb_gallery][\/et_pb_column][\/et_pb_row][\/et_pb_section][et_pb_section fb_built=\u00a0\u00bb1&Prime; module_id=\u00a0\u00bbron-2020-fr\u00a0\u00bb _builder_version=\u00a0\u00bb4.27.0&Prime; _module_preset=\u00a0\u00bbdefault\u00a0\u00bb custom_padding=\u00a0\u00bb40px||40px||true|false\u00a0\u00bb global_colors_info=\u00a0\u00bb{}\u00a0\u00bb][et_pb_row _builder_version=\u00a0\u00bb4.27.0&Prime; _module_preset=\u00a0\u00bbdefault\u00a0\u00bb global_colors_info=\u00a0\u00bb{}\u00a0\u00bb][et_pb_column type=\u00a0\u00bb4_4&Prime; _builder_version=\u00a0\u00bb4.27.0&Prime; _module_preset=\u00a0\u00bbdefault\u00a0\u00bb global_colors_info=\u00a0\u00bb{}\u00a0\u00bb][et_pb_heading title=\u00a0\u00bbPrix de reconnaissance pour services exceptionnels Ron MacDonald\u00a0\u00bb _builder_version=\u00a0\u00bb4.27.0&Prime; _module_preset=\u00a0\u00bbdefault\u00a0\u00bb title_level=\u00a0\u00bbh3&Prime; title_font=\u00a0\u00bb|700|||||||\u00a0\u00bb title_font_size=\u00a0\u00bb22px\u00a0\u00bb global_colors_info=\u00a0\u00bb{}\u00a0\u00bb][\/et_pb_heading][et_pb_text _builder_version=\u00a0\u00bb4.27.0&Prime; _module_preset=\u00a0\u00bbdefault\u00a0\u00bb global_colors_info=\u00a0\u00bb{}\u00a0\u00bb]\n<p>Christopher Callbeck a re\u00e7u le Prix de reconnaissance pour services exceptionnels Ron MacDonald \u00e0 la conf\u00e9rence annuelle en 2019. Il s\u2019est vu remettre ce prix pour ses loyaux services au RCDR, notamment \u00e0 titre de membre du Comit\u00e9 des finances et de la v\u00e9rification d\u00e8s sa cr\u00e9ation et comme tr\u00e9sorier de 2012 \u00e0 2017. De plus, il a assur\u00e9 la direction financi\u00e8re de diverses universit\u00e9s canadiennes durant sa carri\u00e8re de 30 ans.<\/p>\n[\/et_pb_text][et_pb_gallery gallery_ids=\u00a0\u00bb336,338&Prime; posts_number=\u00a0\u00bb2&Prime; show_title_and_caption=\u00a0\u00bboff\u00a0\u00bb show_pagination=\u00a0\u00bboff\u00a0\u00bb _builder_version=\u00a0\u00bb4.27.0&Prime; _module_preset=\u00a0\u00bbdefault\u00a0\u00bb global_colors_info=\u00a0\u00bb{}\u00a0\u00bb][\/et_pb_gallery][\/et_pb_column][\/et_pb_row][\/et_pb_section][et_pb_section fb_built=\u00a0\u00bb1&Prime; module_id=\u00a0\u00bbgestion-du-risque-2020&Prime; _builder_version=\u00a0\u00bb4.27.0&Prime; _module_preset=\u00a0\u00bbdefault\u00a0\u00bb custom_padding=\u00a0\u00bb40px||40px||true|false\u00a0\u00bb hover_enabled=\u00a0\u00bb0&Prime; global_colors_info=\u00a0\u00bb{}\u00a0\u00bb sticky_enabled=\u00a0\u00bb0&Prime;][et_pb_row _builder_version=\u00a0\u00bb4.27.0&Prime; _module_preset=\u00a0\u00bbdefault\u00a0\u00bb global_colors_info=\u00a0\u00bb{}\u00a0\u00bb][et_pb_column type=\u00a0\u00bb4_4&Prime; _builder_version=\u00a0\u00bb4.27.0&Prime; _module_preset=\u00a0\u00bbdefault\u00a0\u00bb global_colors_info=\u00a0\u00bb{}\u00a0\u00bb][et_pb_heading title=\u00a0\u00bb\u00c9valuation et gestion du risque\u00a0\u00bb _builder_version=\u00a0\u00bb4.27.0&Prime; _module_preset=\u00a0\u00bbdefault\u00a0\u00bb title_level=\u00a0\u00bbh3&Prime; title_font=\u00a0\u00bb|700|||||||\u00a0\u00bb title_font_size=\u00a0\u00bb22px\u00a0\u00bb global_colors_info=\u00a0\u00bb{}\u00a0\u00bb][\/et_pb_heading][et_pb_text _builder_version=\u00a0\u00bb4.27.0&Prime; _module_preset=\u00a0\u00bbdefault\u00a0\u00bb global_colors_info=\u00a0\u00bb{}\u00a0\u00bb]\n<p>Le RCDR a mis \u00e0 jour cette ann\u00e9e son registre des risques, qui inclut un nouveau cadre d\u2019\u00e9valuation et qui tient compte des risques relatifs \u00e0 l\u2019exploitation d\u2019un D\u00e9p\u00f4t num\u00e9rique fiable. Tous les comit\u00e9s permanents ont \u00e9valu\u00e9 et appuy\u00e9 le nouveau registre, que le conseil d\u2019administration a ensuite valid\u00e9 \u00e0 sa r\u00e9union en octobre 2019.<\/p>\n<p>En raison de la pand\u00e9mie de COVID-19, la direction a \u00e9valu\u00e9 et revu l\u2019ordre de priorit\u00e9 des principaux risques et strat\u00e9gies d\u2019att\u00e9nuation du RCDR.<\/p>\n[\/et_pb_text][\/et_pb_column][\/et_pb_row][\/et_pb_section][et_pb_section fb_built=\u00a0\u00bb1&Prime; module_id=\u00a0\u00bbbudget-2020-fr\u00a0\u00bb _builder_version=\u00a0\u00bb4.27.0&Prime; _module_preset=\u00a0\u00bbdefault\u00a0\u00bb custom_padding=\u00a0\u00bb40px||40px||true|false\u00a0\u00bb global_colors_info=\u00a0\u00bb{}\u00a0\u00bb][et_pb_row _builder_version=\u00a0\u00bb4.27.0&Prime; _module_preset=\u00a0\u00bbdefault\u00a0\u00bb global_colors_info=\u00a0\u00bb{}\u00a0\u00bb][et_pb_column type=\u00a0\u00bb4_4&Prime; _builder_version=\u00a0\u00bb4.27.0&Prime; _module_preset=\u00a0\u00bbdefault\u00a0\u00bb global_colors_info=\u00a0\u00bb{}\u00a0\u00bb][et_pb_heading title=\u00a0\u00bbPr\u00e9paration du budget\u00a0\u00bb _builder_version=\u00a0\u00bb4.27.0&Prime; _module_preset=\u00a0\u00bbdefault\u00a0\u00bb title_level=\u00a0\u00bbh3&Prime; title_font=\u00a0\u00bb|700|||||||\u00a0\u00bb title_font_size=\u00a0\u00bb22px\u00a0\u00bb global_colors_info=\u00a0\u00bb{}\u00a0\u00bb][\/et_pb_heading][et_pb_text _builder_version=\u00a0\u00bb4.27.0&Prime; _module_preset=\u00a0\u00bbdefault\u00a0\u00bb global_colors_info=\u00a0\u00bb{}\u00a0\u00bb]\n<p>Parall\u00e8lement \u00e0 l\u2019approbation du Plan strat\u00e9gique\u00a02019-2024, l\u2019\u00e9quipe du RCDR a pr\u00e9par\u00e9 le budget\u00a02020-2021 afin de se doter des ressources ad\u00e9quates pour les nouvelles strat\u00e9gies et priorit\u00e9s de l\u2019organisation. Le budget est r\u00e9parti selon les principaux secteurs de programme\u00a0: licences, num\u00e9risation, pr\u00e9servation et acc\u00e8s. Les revenus anticip\u00e9s du RCDR sont r\u00e9partis de la m\u00eame fa\u00e7on. Les prochains budgets seront \u00e9galement pr\u00e9sent\u00e9s en fonction des co\u00fbts et revenus par programme.<\/p>\n<p>Pour une sixi\u00e8me ann\u00e9e cons\u00e9cutive, le RCDR enregistre un surplus d\u2019exploitation pour l\u2019exercice se terminant le 31\u00a0mars 2020. Dans la derni\u00e8re d\u00e9cennie, l\u2019organisation a aussi d\u00e9pass\u00e9 ses objectifs budg\u00e9taires tous les ans. \u00c9tant donn\u00e9 le bilan financier de l\u2019organisation et l\u2019importance d\u2019investir dans le nouveau plan strat\u00e9gique, le conseil d\u2019administration a approuv\u00e9 le budget\u00a02020-2021 du RCDR \u00e0 la r\u00e9union du 26\u00a0mars 2020.<\/p>\n[\/et_pb_text][\/et_pb_column][\/et_pb_row][\/et_pb_section][et_pb_section fb_built=\u00a0\u00bb1&Prime; module_id=\u00a0\u00bbsecurite-info-2020&Prime; _builder_version=\u00a0\u00bb4.27.0&Prime; _module_preset=\u00a0\u00bbdefault\u00a0\u00bb custom_padding=\u00a0\u00bb40px||40px||true|false\u00a0\u00bb hover_enabled=\u00a0\u00bb0&Prime; global_colors_info=\u00a0\u00bb{}\u00a0\u00bb sticky_enabled=\u00a0\u00bb0&Prime;][et_pb_row _builder_version=\u00a0\u00bb4.27.0&Prime; _module_preset=\u00a0\u00bbdefault\u00a0\u00bb global_colors_info=\u00a0\u00bb{}\u00a0\u00bb][et_pb_column type=\u00a0\u00bb4_4&Prime; _builder_version=\u00a0\u00bb4.27.0&Prime; _module_preset=\u00a0\u00bbdefault\u00a0\u00bb global_colors_info=\u00a0\u00bb{}\u00a0\u00bb][et_pb_heading title=\u00a0\u00bbS\u00e9curit\u00e9 informatique\u00a0\u00bb _builder_version=\u00a0\u00bb4.27.0&Prime; _module_preset=\u00a0\u00bbdefault\u00a0\u00bb title_level=\u00a0\u00bbh3&Prime; title_font=\u00a0\u00bb|700|||||||\u00a0\u00bb title_font_size=\u00a0\u00bb22px\u00a0\u00bb global_colors_info=\u00a0\u00bb{}\u00a0\u00bb][\/et_pb_heading][et_pb_text _builder_version=\u00a0\u00bb4.27.0&Prime; _module_preset=\u00a0\u00bbdefault\u00a0\u00bb global_colors_info=\u00a0\u00bb{}\u00a0\u00bb]\n<p>Cette ann\u00e9e, le RCDR a mis \u00e0 jour ses pratiques de cybers\u00e9curit\u00e9 et de gestion de l\u2019information. Les membres du personnel ont consult\u00e9 CANARIE, CUCCIO et Deloitte pour \u00e9valuer les pratiques existantes, d\u00e9celer les lacunes, d\u00e9finir et mettre en \u0153uvre des solutions ad\u00e9quates, en plus de formaliser un cadre d\u2019\u00e9volution et de production de rapports. Le conseil d\u2019administration a approuv\u00e9 la nouvelle Politique en mati\u00e8re de s\u00e9curit\u00e9 et de gestion de l\u2019information en mars 2020. Cette politique d\u00e9finit des processus actualis\u00e9s pour la surveillance et le suivi des incidents.<\/p>\n[\/et_pb_text][\/et_pb_column][\/et_pb_row][\/et_pb_section][et_pb_section fb_built=\u00a0\u00bb1&Prime; _builder_version=\u00a0\u00bb4.27.0&Prime; _module_preset=\u00a0\u00bbdefault\u00a0\u00bb custom_padding=\u00a0\u00bb20px||20px||true|false\u00a0\u00bb locked=\u00a0\u00bboff\u00a0\u00bb global_colors_info=\u00a0\u00bb{}\u00a0\u00bb][et_pb_row _builder_version=\u00a0\u00bb4.27.0&Prime; _module_preset=\u00a0\u00bbdefault\u00a0\u00bb global_colors_info=\u00a0\u00bb{}\u00a0\u00bb][et_pb_column type=\u00a0\u00bb4_4&Prime; _builder_version=\u00a0\u00bb4.27.0&Prime; _module_preset=\u00a0\u00bbdefault\u00a0\u00bb global_colors_info=\u00a0\u00bb{}\u00a0\u00bb][et_pb_button button_url=\u00a0\u00bb@ET-DC@eyJkeW5hbWljIjp0cnVlLCJjb250ZW50IjoicG9zdF9saW5rX3VybF9wYWdlIiwic2V0dGluZ3MiOnsicG9zdF9pZCI6IjE3In19@\u00a0\u00bb button_text=\u00a0\u00bbAux initiatives strat\u00e9giques\u00a0\u00bb button_alignment=\u00a0\u00bbcenter\u00a0\u00bb _builder_version=\u00a0\u00bb4.27.0&Prime; _dynamic_attributes=\u00a0\u00bbbutton_url\u00a0\u00bb _module_preset=\u00a0\u00bbdefault\u00a0\u00bb custom_button=\u00a0\u00bbon\u00a0\u00bb button_text_color=\u00a0\u00bbgcid-118ee780-7ba3-41e2-a38b-b88a4be2864e\u00a0\u00bb button_border_width=\u00a0\u00bb0px\u00a0\u00bb button_icon=\u00a0\u00bb&#x38;||divi||400&Prime; button_icon_placement=\u00a0\u00bbleft\u00a0\u00bb button_on_hover=\u00a0\u00bboff\u00a0\u00bb global_colors_info=\u00a0\u00bb{%22gcid-118ee780-7ba3-41e2-a38b-b88a4be2864e%22:%91%22button_text_color%22%93}\u00a0\u00bb][\/et_pb_button][\/et_pb_column][\/et_pb_row][\/et_pb_section]\n","protected":false},"excerpt":{"rendered":"<p>En 2019, nous avons cr\u00e9\u00e9 un nouveau logo et une nouvelle image de marque pour le RCDR qui refl\u00e8te le mandat \u00e9largi de notre organisation. Notre logo est une feuille d\u2019\u00e9rable dont les lignes symbolisent le lien \u00e9troit entre les membres du RCDR au Canada. Il repr\u00e9sente \u00e9galement notre engagement pour l\u2019acc\u00e8s au savoir gr\u00e2ce [&hellip;]<\/p>\n","protected":false},"author":107,"featured_media":0,"parent":347,"menu_order":2,"comment_status":"closed","ping_status":"closed","template":"","meta":{"_et_pb_use_builder":"on","_et_pb_old_content":"<p>[vc_row content_placement=\"middle\"][vc_column][vc_single_image image=\"74\" img_size=\"150x150\" alignment=\"center\" css=\".vc_custom_1596037366430{margin-bottom: 20px !important;}\"][vcex_heading source=\"post_title\" tag=\"h1\" text_align=\"center\"][\/vc_column][\/vc_row][vc_row el_id=\"branding\"][vc_column][vc_column_text]<\/p>\r\n<h3 style=\"text-align: left;\">Nouvelle image de marque<\/h3>\r\n<p>En 2019, nous avons cr\u00e9\u00e9 un nouveau logo et une nouvelle image de marque pour le RCDR qui refl\u00e8te le mandat \u00e9largi de notre organisation. Notre logo est une feuille d\u2019\u00e9rable dont les lignes symbolisent le lien \u00e9troit entre les membres du RCDR au Canada. Il repr\u00e9sente \u00e9galement notre engagement pour l\u2019acc\u00e8s au savoir gr\u00e2ce \u00e0 notre infrastructure num\u00e9rique. Nous avons choisi de nouvelles couleurs, soit une palette fra\u00eeche de vert et de bleu sarcelle. Le logo est moderne et il pourra s\u2019adapter \u00e0 l\u2019\u00e9volution des collections. Nous tenons \u00e0 remercier l\u2019agence graphique Trajectory pour sa vision, gr\u00e2ce \u00e0 laquelle nous avons renouvel\u00e9 notre image de marque.<\/p>\r\n<p>[video width=\"1920\" height=\"1080\" mp4=\"https:\/\/annualreport.crkn-rcdr.ca\/wp-content\/uploads\/2020\/07\/CRKN_BrandVideo_FINAL.mp4\" style=\"text-align: center;\"][\/video][\/vc_column_text][\/vc_column][\/vc_row][vc_row el_id=\"analytics\"][vc_column][vc_column_text]<\/p>\r\n<h3>Analyse de la valeur des revues<\/h3>\r\n<p>En 2019, nous avons am\u00e9lior\u00e9 l\u2019\u00e9dition annuelle de l\u2019Analyse de la valeur des revues (AVR). Les membres ont d\u00e9sormais acc\u00e8s \u00e0 des donn\u00e9es normalis\u00e9es et des \u00e9diteurs pour les sujets, ainsi que plus de d\u00e9tails sur le statut des titres et des donn\u00e9es historiques sur trois ans. L\u2019analyse est ainsi plus pr\u00e9cise, ce qui offre aux membres de l\u2019information inestimable.<\/p>\r\n<p>\u00c0 la fin du mois d\u2019octobre 2019, l\u2019\u00e9quipe du RCDR a pr\u00e9sent\u00e9 l\u2019AVR aux participants de l\u2019Atelier d\u2019\u00e9valuation des biblioth\u00e8ques canadiennes. Les commentaires sur la pr\u00e9sentation et la conception de l\u2019outil \u00e9taient tr\u00e8s positifs.[\/vc_column_text][\/vc_column][\/vc_row][vc_row el_id=\"fx\"][vc_column][vc_column_text]<\/p>\r\n<h3>Services de taux de change<\/h3>\r\n<p>Le RCDR offre encore cette ann\u00e9e des services de taux de change pour deux licences (Elsevier, Wiley), ainsi que la possibilit\u00e9 de recevoir une facture en dollars am\u00e9ricains pour deux autres licences (Taylor & Francis, Springer) qui sont en cours de renouv\u00e8lement. Huit membres ont fait une offre en dollars am\u00e9ricains et neuf autres membres ont demand\u00e9 de recevoir une facture en dollars am\u00e9ricains gr\u00e2ce \u00e0 ces services.[\/vc_column_text][\/vc_column][\/vc_row][vc_row el_id=\"cndhi\"][vc_column][vc_column_text]<\/p>\r\n<h3>IPNPC<\/h3>\r\n<p>L\u2019Index de num\u00e9risation du patrimoine canadien (IPNPC) a \u00e9t\u00e9 lanc\u00e9 en 2016 et regroupe un nombre croissant de collections patrimoniales num\u00e9ris\u00e9es provenant de toutes les r\u00e9gions du pays. L\u2019IPNPC a pour but de promouvoir et d\u2019accro\u00eetre l\u2019acc\u00e8s \u00e0 ces documents. On y compte aujourd\u2019hui plus de 1500\u00a0collections provenant d\u2019universit\u00e9s, de biblioth\u00e8ques provinciales et territoriales, d\u2019organisations patrimoniales, d\u2019archives et d\u2019autres \u00e9tablissements.<\/p>\r\n<p>En 2019, nous avons ajout\u00e9 de nouvelles collections \u00e0 l\u2019IPNPC. De plus, nous avons mis \u00e0 jour le site web pour refl\u00e9ter davantage la nature de l\u2019index et faciliter la navigation avec de nouvelles sections FAQ de recherche et de soumissions. Entre avril 2019 et mars 2020, les utilisateurs ont consult\u00e9 10\u2009396\u00a0pages et plus de 3\u2009500\u00a0chercheurs ont eu recours \u00e0 l\u2019IPNPC, ce qui repr\u00e9sente une augmentation de 12,9\u00a0% par rapport \u00e0 l\u2019ann\u00e9e pr\u00e9c\u00e9dente.[\/vc_column_text][\/vc_column][\/vc_row][vc_row el_id=\"journals\"][vc_column][vc_column_text]<\/p>\r\n<h3>Liste du RCDR sur les revues en libre acc\u00e8s<\/h3>\r\n<p>Cette ann\u00e9e, nous avons lanc\u00e9 la Liste des revues en libre acc\u00e8s du RCDR. Cette liste am\u00e9liore la d\u00e9couvrabilit\u00e9 du contenu en libre acc\u00e8s dor\u00e9 appuy\u00e9es par les \u00e9tablissements membres. Elle \u00e9tait anciennement g\u00e9r\u00e9e par le logiciel CUFTS de Simon Fraser, mais elle est maintenant distribu\u00e9e \u00e0 six syst\u00e8mes de d\u00e9couverte. Les chercheurs peuvent ainsi visualiser le contenu et y acc\u00e9der.<\/p>\r\n<p>Elle compte actuellement plus de 430\u00a0revues et le Sous-comit\u00e9 des droits aux bases de connaissances la met r\u00e9guli\u00e8rement \u00e0 jour. Pour plus d\u2019information sur la Liste du RCDR des revues en libre acc\u00e8s et la version internet de cet outil, veuillez consulter le <a href=\"https:\/\/www.crkn-rcdr.ca\/fr\/liste-du-rcdr-des-revues-en-libre-acces\">site<\/a> web du RCDR.[\/vc_column_text][\/vc_column][\/vc_row][vc_row el_id=\"conference\"][vc_column][vc_column_text]<\/p>\r\n<h3>Conf\u00e9rence du RCDR sur l\u2019acc\u00e8s au savoir<\/h3>\r\n<p>Le mandat du RCDR s\u2019est \u00e9largi depuis la fusion, donc nous avons revu le format de notre assembl\u00e9e g\u00e9n\u00e9rale habituelle. En effet, nous avons organis\u00e9 un \u00e9v\u00e8nement de plus grosse envergure, soit la Conf\u00e9rence annuelle du RCDR sur l\u2019acc\u00e8s au savoir, qui a eu lieu \u00e0 Ottawa du 16 au 18 octobre 2019. Ce fut un grand succ\u00e8s, avec 150 membres, parties prenantes, invit\u00e9s et plus de 70 participants \u00e0 distance. Vous trouverez sur le site web du RCDR un sommaire de la conf\u00e9rence, ainsi que les enregistrements vid\u00e9o de l\u2019\u00e9v\u00e8nement.[\/vc_column_text][vcex_image_grid lightbox_title=\"false\" lightbox_caption=\"false\" image_ids=\"321,323,325,327,329,331,333\" css=\".vc_custom_1597186766689{margin-top: 40px !important;}\"][\/vc_column][\/vc_row][vc_row el_id=\"ron\"][vc_column][vc_column_text]<\/p>\r\n<h3>Prix de reconnaissance pour services exceptionnels Ron MacDonald<\/h3>\r\n<p>Christopher Callbeck a re\u00e7u le Prix de reconnaissance pour services exceptionnels Ron MacDonald \u00e0 la conf\u00e9rence annuelle en 2019. Il s\u2019est vu remettre ce prix pour ses loyaux services au RCDR, notamment \u00e0 titre de membre du Comit\u00e9 des finances et de la v\u00e9rification d\u00e8s sa cr\u00e9ation et comme tr\u00e9sorier de 2012 \u00e0 2017. De plus, il a assur\u00e9 la direction financi\u00e8re de diverses universit\u00e9s canadiennes durant sa carri\u00e8re de 30 ans.[\/vc_column_text][vcex_image_grid lightbox_title=\"false\" lightbox_caption=\"false\" image_ids=\"335,337\" css=\".vc_custom_1597186886517{margin-top: 40px !important;}\"][\/vc_column][\/vc_row][vc_row el_id=\"risk\"][vc_column][vc_column_text]<\/p>\r\n<h3>\u00c9valuation et gestion du risque<\/h3>\r\n<p>Le RCDR a mis \u00e0 jour cette ann\u00e9e son registre des risques, qui inclut un nouveau cadre d\u2019\u00e9valuation et qui tient compte des risques relatifs \u00e0 l\u2019exploitation d\u2019un D\u00e9p\u00f4t num\u00e9rique fiable. Tous les comit\u00e9s permanents ont \u00e9valu\u00e9 et appuy\u00e9 le nouveau registre, que le conseil d\u2019administration a ensuite valid\u00e9 \u00e0 sa r\u00e9union en octobre 2019.<\/p>\r\n<p>En raison de la pand\u00e9mie de COVID-19, la direction a \u00e9valu\u00e9 et revu l\u2019ordre de priorit\u00e9 des principaux risques et strat\u00e9gies d\u2019att\u00e9nuation du RCDR.[\/vc_column_text][\/vc_column][\/vc_row][vc_row el_id=\"budget\"][vc_column][vc_column_text]<\/p>\r\n<h3>Pr\u00e9paration du budget<\/h3>\r\n<p>Parall\u00e8lement \u00e0 l\u2019approbation du Plan strat\u00e9gique\u00a02019-2024, l\u2019\u00e9quipe du RCDR a pr\u00e9par\u00e9 le budget\u00a02020-2021 afin de se doter des ressources ad\u00e9quates pour les nouvelles strat\u00e9gies et priorit\u00e9s de l\u2019organisation. Le budget est r\u00e9parti selon les principaux secteurs de programme\u00a0: licences, num\u00e9risation, pr\u00e9servation et acc\u00e8s. Les revenus anticip\u00e9s du RCDR sont r\u00e9partis de la m\u00eame fa\u00e7on. Les prochains budgets seront \u00e9galement pr\u00e9sent\u00e9s en fonction des co\u00fbts et revenus par programme.<\/p>\r\n<p>Pour une sixi\u00e8me ann\u00e9e cons\u00e9cutive, le RCDR enregistre un surplus d\u2019exploitation pour l\u2019exercice se terminant le 31\u00a0mars 2020. Dans la derni\u00e8re d\u00e9cennie, l\u2019organisation a aussi d\u00e9pass\u00e9 ses objectifs budg\u00e9taires tous les ans. \u00c9tant donn\u00e9 le bilan financier de l\u2019organisation et l\u2019importance d\u2019investir dans le nouveau plan strat\u00e9gique, le conseil d\u2019administration a approuv\u00e9 le budget\u00a02020-2021 du RCDR \u00e0 la r\u00e9union du 26\u00a0mars 2020.[\/vc_column_text][\/vc_column][\/vc_row][vc_row el_id=\"security\"][vc_column][vc_column_text]<\/p>\r\n<h3>S\u00e9curit\u00e9 informatique<\/h3>\r\n<p>Cette ann\u00e9e, le RCDR a mis \u00e0 jour ses pratiques de cybers\u00e9curit\u00e9 et de gestion de l\u2019information. Les membres du personnel ont consult\u00e9 CANARIE, CUCCIO et Deloitte pour \u00e9valuer les pratiques existantes, d\u00e9celer les lacunes, d\u00e9finir et mettre en \u0153uvre des solutions ad\u00e9quates, en plus de formaliser un cadre d\u2019\u00e9volution et de production de rapports. Le conseil d\u2019administration a approuv\u00e9 la nouvelle Politique en mati\u00e8re de s\u00e9curit\u00e9 et de gestion de l\u2019information en mars 2020. Cette politique d\u00e9finit des processus actualis\u00e9s pour la surveillance et le suivi des incidents.[\/vc_column_text][\/vc_column][\/vc_row]<\/p>\r\n","_et_gb_content_width":"","footnotes":""},"class_list":["post-372","page","type-page","status-publish","hentry"],"_links":{"self":[{"href":"https:\/\/annualreport.crkn-rcdr.ca\/fr\/wp-json\/wp\/v2\/pages\/372","targetHints":{"allow":["GET"]}}],"collection":[{"href":"https:\/\/annualreport.crkn-rcdr.ca\/fr\/wp-json\/wp\/v2\/pages"}],"about":[{"href":"https:\/\/annualreport.crkn-rcdr.ca\/fr\/wp-json\/wp\/v2\/types\/page"}],"author":[{"embeddable":true,"href":"https:\/\/annualreport.crkn-rcdr.ca\/fr\/wp-json\/wp\/v2\/users\/107"}],"replies":[{"embeddable":true,"href":"https:\/\/annualreport.crkn-rcdr.ca\/fr\/wp-json\/wp\/v2\/comments?post=372"}],"version-history":[{"count":11,"href":"https:\/\/annualreport.crkn-rcdr.ca\/fr\/wp-json\/wp\/v2\/pages\/372\/revisions"}],"predecessor-version":[{"id":25980413,"href":"https:\/\/annualreport.crkn-rcdr.ca\/fr\/wp-json\/wp\/v2\/pages\/372\/revisions\/25980413"}],"up":[{"embeddable":true,"href":"https:\/\/annualreport.crkn-rcdr.ca\/fr\/wp-json\/wp\/v2\/pages\/347"}],"wp:attachment":[{"href":"https:\/\/annualreport.crkn-rcdr.ca\/fr\/wp-json\/wp\/v2\/media?parent=372"}],"curies":[{"name":"wp","href":"https:\/\/api.w.org\/{rel}","templated":true}]}}